{"id":989,"date":"2020-03-04T15:17:22","date_gmt":"2020-03-04T14:17:22","guid":{"rendered":"https:\/\/bgsihlhalde.ch\/?page_id=989"},"modified":"2026-06-28T12:20:17","modified_gmt":"2026-06-28T11:20:17","slug":"siedlungen","status":"publish","type":"page","link":"https:\/\/bgsihlhalde.ch\/index.php\/siedlungen\/","title":{"rendered":"Siedlungen"},"content":{"rendered":"<p><div id=\"lebernweg\" class=\"fusion-container-anchor\"><div class=\"fusion-fullwidth fullwidth-box fusion-builder-row-1 hundred-percent-fullwidth non-hundred-percent-height-scrolling fusion-equal-height-columns\" style=\"--awb-background-position:left top;--awb-border-sizes-top:0px;--awb-border-sizes-bottom:0px;--awb-border-sizes-left:0px;--awb-border-sizes-right:0px;--awb-border-radius-top-left:0px;--awb-border-radius-top-right:0px;--awb-border-radius-bottom-right:0px;--awb-border-radius-bottom-left:0px;--awb-padding-top:0px;--awb-padding-right:0px;--awb-padding-bottom:0px;--awb-padding-left:0px;--awb-background-color:#444c56;--awb-flex-wrap:wrap;\" ><div class=\"fusion-builder-row fusion-row\"><div class=\"fusion-layout-column fusion_builder_column fusion-builder-column-0 fusion_builder_column_1_2 1_2 fusion-one-half fusion-column-first\" style=\"--awb-bg-color:#636363;--awb-bg-color-hover:#636363;--awb-bg-image:url(&#039;https:\/\/bgsihlhalde.ch\/wp-content\/uploads\/2020\/04\/sied-lebernweg.jpg&#039;);--awb-bg-size:cover;\"><div class=\"fusion-column-wrapper fusion-column-has-shadow fusion-flex-column-wrapper-legacy fusion-empty-column-bg-image fusion-column-has-bg-image\" data-bg-url=\"https:\/\/bgsihlhalde.ch\/wp-content\/uploads\/2020\/04\/sied-lebernweg.jpg\"><img decoding=\"async\" class=\"fusion-empty-dims-img-placeholder fusion-no-large-visibility\" alt=\"Lebernweg 2\" aria-label=\"Lebernweg 2\" src=\"data:image\/svg+xml,%3Csvg%20xmlns%3D%27http%3A%2F%2Fwww.w3.org%2F2000%2Fsvg%27%20width%3D%272000%27%20height%3D%271500%27%20viewBox%3D%270%200%202000%201500%27%3E%3Crect%20width%3D%272000%27%20height%3D%271500%27%20fill-opacity%3D%220%22%2F%3E%3C%2Fsvg%3E\"><div class=\"fusion-clearfix\"><\/div><\/div><\/div><div class=\"fusion-layout-column fusion_builder_column fusion-builder-column-1 fusion_builder_column_1_2 1_2 fusion-one-half fusion-column-last\" style=\"--awb-padding-top:5%;--awb-padding-right:5%;--awb-padding-bottom:5%;--awb-padding-left:5%;--awb-bg-size:cover;\"><div class=\"fusion-column-wrapper fusion-column-has-shadow fusion-flex-column-wrapper-legacy\"><div class=\"fusion-column-content-centered\"><div class=\"fusion-column-content\"><div class=\"fusion-text fusion-text-1\"><h3>Adliswil<\/h3>\n<h4>Lebernweg 2 \/ Tiefackerstrasse 6 und 8<\/h4>\n<\/div><div class=\"fusion-sep-clear\"><\/div><div class=\"fusion-separator fusion-full-width-sep fusion-clearfix hrleft\" style=\"float:left;margin-top:20px;margin-bottom:20px;width:100%;max-width:100%;\"><div class=\"fusion-separator-border sep-single sep-solid\" style=\"--awb-height:20px;--awb-amount:20px;border-color:#007be8;border-top-width:2px;\"><\/div><\/div><div class=\"fusion-sep-clear\"><\/div><div class=\"fusion-text fusion-text-2\"><p>Die Siedlung am Lebernweg 2 und an der Tiefackerstrasse 6 und 8 liegt am Fusse des Lebernquartieres. Sie besteht aus 3 H\u00e4usern und umfasst total 18 Wohnungen mit jeweils 3 oder 4 Zimmer.<\/p>\n<\/div><ul style=\"--awb-line-height:27.2px;--awb-icon-width:27.2px;--awb-icon-height:27.2px;--awb-icon-margin:11.2px;--awb-content-margin:38.4px;\" class=\"fusion-checklist fusion-checklist-1 fusion-checklist-default type-icons\"><li class=\"fusion-li-item\" style=\"\"><span class=\"icon-wrapper circle-no\"><i class=\"fusion-li-icon fa-arrow-right fas\" aria-hidden=\"true\"><\/i><\/span><div class=\"fusion-li-item-content\">\n<p>Liegt in unmittelbarer N\u00e4he vom Denner<\/p>\n<\/div><\/li><li class=\"fusion-li-item\" style=\"\"><span class=\"icon-wrapper circle-no\"><i class=\"fusion-li-icon fa-arrow-right fas\" aria-hidden=\"true\"><\/i><\/span><div class=\"fusion-li-item-content\">\n<p>Verkehrsg\u00fcnstig und mit \u00d6V bestens erschlossen<\/p>\n<\/div><\/li><li class=\"fusion-li-item\" style=\"\"><span class=\"icon-wrapper circle-no\"><i class=\"fusion-li-icon fa-arrow-right fas\" aria-hidden=\"true\"><\/i><\/span><div class=\"fusion-li-item-content\">\n<p>Ideal f\u00fcr Familien<\/p>\n<\/div><\/li><li class=\"fusion-li-item\" style=\"\"><span class=\"icon-wrapper circle-no\"><i class=\"fusion-li-icon fa-arrow-right fas\" aria-hidden=\"true\"><\/i><\/span><div class=\"fusion-li-item-content\">\n<p>In der N\u00e4he zu Kindergarten und Schulen<\/p>\n<\/div><\/li><li class=\"fusion-li-item\" style=\"\"><span class=\"icon-wrapper circle-no\"><i class=\"fusion-li-icon fa-arrow-right fas\" aria-hidden=\"true\"><\/i><\/span><div class=\"fusion-li-item-content\">\n<p>In n\u00e4chster N\u00e4he zum Hallen- und Freibad sowie den Sportpl\u00e4tzen im Tal<\/p>\n<\/div><\/li><li class=\"fusion-li-item\" style=\"\"><span class=\"icon-wrapper circle-no\"><i class=\"fusion-li-icon fa-arrow-right fas\" aria-hidden=\"true\"><\/i><\/span><div class=\"fusion-li-item-content\">\n<p>Eingez\u00e4unte Gr\u00fcnfl\u00e4che mit Chemineeplatz und Pergola sowie grossem Spielplatz<\/p>\n<\/div><\/li><\/ul><div class=\"fusion-sep-clear\"><\/div><div class=\"fusion-separator fusion-full-width-sep\" style=\"margin-left: auto;margin-right: auto;margin-top:20px;width:100%;max-width:100%;\"><\/div><div class=\"fusion-sep-clear\"><\/div><div class=\"fusion-text fusion-text-3\" style=\"--awb-text-transform:none;\"><h4>Aktuell<\/h4>\n<p>Planung Siedlungsentwicklung und Sanierungen in den n\u00e4chsten 10 Jahren.<\/p>\n<\/div><\/div><\/div><div class=\"fusion-clearfix\"><\/div><\/div><\/div><\/div><\/div><\/div><div id=\"feldweg\" class=\"fusion-container-anchor\"><div class=\"fusion-fullwidth fullwidth-box fusion-builder-row-2 hundred-percent-fullwidth non-hundred-percent-height-scrolling fusion-equal-height-columns\" style=\"--awb-background-position:left top;--awb-border-sizes-top:0px;--awb-border-sizes-bottom:0px;--awb-border-sizes-left:0px;--awb-border-sizes-right:0px;--awb-border-radius-top-left:0px;--awb-border-radius-top-right:0px;--awb-border-radius-bottom-right:0px;--awb-border-radius-bottom-left:0px;--awb-padding-top:0px;--awb-padding-right:0px;--awb-padding-bottom:0px;--awb-padding-left:0px;--awb-flex-wrap:wrap;\" ><div class=\"fusion-builder-row fusion-row\"><div class=\"fusion-layout-column fusion_builder_column fusion-builder-column-2 fusion_builder_column_1_2 1_2 fusion-one-half fusion-column-first\" style=\"--awb-padding-top:5%;--awb-padding-right:5%;--awb-padding-bottom:5%;--awb-padding-left:5%;--awb-bg-size:cover;\"><div class=\"fusion-column-wrapper fusion-column-has-shadow fusion-flex-column-wrapper-legacy\"><div class=\"fusion-column-content-centered\"><div class=\"fusion-column-content\"><div class=\"fusion-text fusion-text-4\"><h3>Adliswil<\/h3>\n<h4>Feldweg 1\u201317<\/h4>\n<\/div><div class=\"fusion-sep-clear\"><\/div><div class=\"fusion-separator fusion-full-width-sep fusion-clearfix hrleft\" style=\"float:left;margin-top:20px;margin-bottom:20px;width:100%;max-width:100%;\"><div class=\"fusion-separator-border sep-single sep-solid\" style=\"--awb-height:20px;--awb-amount:20px;border-color:#007be8;border-top-width:2px;\"><\/div><\/div><div class=\"fusion-sep-clear\"><\/div><div class=\"fusion-text fusion-text-5\"><p>Die Siedlung am Feldweg liegt im verkehrsarmen Feldweg Quartier. Sie umfasst total 9 teilweise aneinander gebaute H\u00e4user mit total 48 Wohnungen mit jeweils 3 oder 4 Zimmern.<\/p>\n<\/div><ul style=\"--awb-line-height:27.2px;--awb-icon-width:27.2px;--awb-icon-height:27.2px;--awb-icon-margin:11.2px;--awb-content-margin:38.4px;\" class=\"fusion-checklist fusion-checklist-2 fusion-checklist-default type-icons\"><li class=\"fusion-li-item\" style=\"\"><span class=\"icon-wrapper circle-no\"><i class=\"fusion-li-icon fa-arrow-right fas\" aria-hidden=\"true\"><\/i><\/span><div class=\"fusion-li-item-content\">\n<p>Liegt ca. 10 Minuten zu Fuss vom Zentrum entfernt.<\/p>\n<\/div><\/li><li class=\"fusion-li-item\" style=\"\"><span class=\"icon-wrapper circle-no\"><i class=\"fusion-li-icon fa-arrow-right fas\" aria-hidden=\"true\"><\/i><\/span><div class=\"fusion-li-item-content\">\n<p>Verkehrsg\u00fcnstig und ist mit Bus und Sihltalbahn bestens erschlossen<\/p>\n<\/div><\/li><li class=\"fusion-li-item\" style=\"\"><span class=\"icon-wrapper circle-no\"><i class=\"fusion-li-icon fa-arrow-right fas\" aria-hidden=\"true\"><\/i><\/span><div class=\"fusion-li-item-content\">\n<p>Ideal f\u00fcr Familien<\/p>\n<\/div><\/li><li class=\"fusion-li-item\" style=\"\"><span class=\"icon-wrapper circle-no\"><i class=\"fusion-li-icon fa-arrow-right fas\" aria-hidden=\"true\"><\/i><\/span><div class=\"fusion-li-item-content\">\n<p>In der N\u00e4he zu Kindergarten und Schulen<\/p>\n<\/div><\/li><li class=\"fusion-li-item\" style=\"\"><span class=\"icon-wrapper circle-no\"><i class=\"fusion-li-icon fa-arrow-right fas\" aria-hidden=\"true\"><\/i><\/span><div class=\"fusion-li-item-content\">\n<p>In n\u00e4chster N\u00e4he zum Hallen- und Freibad sowie den Sportpl\u00e4tzen im Tal<\/p>\n<\/div><\/li><li class=\"fusion-li-item\" style=\"\"><span class=\"icon-wrapper circle-no\"><i class=\"fusion-li-icon fa-arrow-right fas\" aria-hidden=\"true\"><\/i><\/span><div class=\"fusion-li-item-content\">\n<p>Grossz\u00fcgige Gr\u00fcnfl\u00e4che mit gedecktem Chemineeplatz, Pizzaofen und Spielplatz<\/p>\n<\/div><\/li><li class=\"fusion-li-item\" style=\"\"><span class=\"icon-wrapper circle-no\"><i class=\"fusion-li-icon fa-arrow-right fas\" aria-hidden=\"true\"><\/i><\/span><div class=\"fusion-li-item-content\">\n<p>Tiefgarage<\/p>\n<\/div><\/li><\/ul><div class=\"fusion-sep-clear\"><\/div><div class=\"fusion-separator fusion-full-width-sep\" style=\"margin-left: auto;margin-right: auto;margin-top:20px;width:100%;max-width:100%;\"><\/div><div class=\"fusion-sep-clear\"><\/div><div class=\"fusion-text fusion-text-6\" style=\"--awb-text-transform:none;\"><h4>Aktuell (2026)<\/h4>\n<p>&#8211; Spielplatzerneuerung mit Ritiseili, Kletterturm, Sonnenschutz Sand<br \/>\n&#8211; Installation von Fensterbr\u00fcstungsstangen<br \/>\n&#8211; Betonrampensanierung bei der Tiefgaragenein-\/ausfahrt<br \/>\n&#8211; Bad- und Strangsanierung &#8211; 2-Jahresgarantieabnahme November 2026<\/p>\n<\/div><\/div><\/div><div class=\"fusion-clearfix\"><\/div><\/div><\/div><div class=\"fusion-layout-column fusion_builder_column fusion-builder-column-3 fusion_builder_column_1_2 1_2 fusion-one-half fusion-column-last\" style=\"--awb-bg-color:#444c56;--awb-bg-color-hover:#444c56;--awb-bg-image:url(&#039;https:\/\/bgsihlhalde.ch\/wp-content\/uploads\/2020\/04\/DSC_9138.jpg&#039;);--awb-bg-position:center top;--awb-bg-size:cover;\"><div class=\"fusion-column-wrapper fusion-column-has-shadow fusion-flex-column-wrapper-legacy fusion-empty-column-bg-image fusion-column-has-bg-image\" data-bg-url=\"https:\/\/bgsihlhalde.ch\/wp-content\/uploads\/2020\/04\/DSC_9138.jpg\"><img decoding=\"async\" class=\"fusion-empty-dims-img-placeholder fusion-no-large-visibility\" aria-label=\"DSC_9138\" src=\"data:image\/svg+xml,%3Csvg%20xmlns%3D%27http%3A%2F%2Fwww.w3.org%2F2000%2Fsvg%27%20width%3D%272048%27%20height%3D%271360%27%20viewBox%3D%270%200%202048%201360%27%3E%3Crect%20width%3D%272048%27%20height%3D%271360%27%20fill-opacity%3D%220%22%2F%3E%3C%2Fsvg%3E\"><div class=\"fusion-clearfix\"><\/div><\/div><\/div><\/div><\/div><\/div><div id=\"widmerstrasse\" class=\"fusion-container-anchor\"><div class=\"fusion-fullwidth fullwidth-box fusion-builder-row-3 hundred-percent-fullwidth non-hundred-percent-height-scrolling fusion-equal-height-columns\" style=\"--awb-background-position:left top;--awb-border-sizes-top:0px;--awb-border-sizes-bottom:0px;--awb-border-sizes-left:0px;--awb-border-sizes-right:0px;--awb-border-radius-top-left:0px;--awb-border-radius-top-right:0px;--awb-border-radius-bottom-right:0px;--awb-border-radius-bottom-left:0px;--awb-padding-top:0px;--awb-padding-right:0px;--awb-padding-bottom:0px;--awb-padding-left:0px;--awb-background-color:#444c56;--awb-flex-wrap:wrap;\" ><div class=\"fusion-builder-row fusion-row\"><div class=\"fusion-layout-column fusion_builder_column fusion-builder-column-4 fusion_builder_column_1_2 1_2 fusion-one-half fusion-column-first\" style=\"--awb-padding-top:8%;--awb-padding-right:8%;--awb-padding-bottom:8%;--awb-padding-left:8%;--awb-bg-color:#5b5b5b;--awb-bg-color-hover:#5b5b5b;--awb-bg-image:url(&#039;https:\/\/bgsihlhalde.ch\/wp-content\/uploads\/2020\/04\/DSC_9158.jpg&#039;);--awb-bg-size:cover;\"><div class=\"fusion-column-wrapper fusion-column-has-shadow fusion-flex-column-wrapper-legacy fusion-empty-column-bg-image fusion-column-has-bg-image\" data-bg-url=\"https:\/\/bgsihlhalde.ch\/wp-content\/uploads\/2020\/04\/DSC_9158.jpg\"><img decoding=\"async\" class=\"fusion-empty-dims-img-placeholder fusion-no-large-visibility\" alt=\"Widmerstrasse 7-11\" aria-label=\"Widmerstrasse 7-11\" src=\"data:image\/svg+xml,%3Csvg%20xmlns%3D%27http%3A%2F%2Fwww.w3.org%2F2000%2Fsvg%27%20width%3D%272048%27%20height%3D%271360%27%20viewBox%3D%270%200%202048%201360%27%3E%3Crect%20width%3D%272048%27%20height%3D%271360%27%20fill-opacity%3D%220%22%2F%3E%3C%2Fsvg%3E\"><div class=\"fusion-clearfix\"><\/div><\/div><\/div><div class=\"fusion-layout-column fusion_builder_column fusion-builder-column-5 fusion_builder_column_1_2 1_2 fusion-one-half fusion-column-last\" style=\"--awb-padding-top:5%;--awb-padding-right:5%;--awb-padding-bottom:5%;--awb-padding-left:5%;--awb-bg-size:cover;\"><div class=\"fusion-column-wrapper fusion-flex-column-wrapper-legacy\"><div class=\"fusion-column-content-centered\"><div class=\"fusion-column-content\"><div class=\"fusion-text fusion-text-7\"><h3>Langnau a. A.<\/h3>\n<h4>Widmerstrasse 7\u201313<\/h4>\n<\/div><div class=\"fusion-sep-clear\"><\/div><div class=\"fusion-separator fusion-full-width-sep fusion-clearfix hrleft\" style=\"float:left;margin-top:20px;margin-bottom:20px;width:100%;max-width:100%;\"><div class=\"fusion-separator-border sep-single sep-solid\" style=\"--awb-height:20px;--awb-amount:20px;border-color:#007be8;border-top-width:2px;\"><\/div><\/div><div class=\"fusion-sep-clear\"><\/div><div class=\"fusion-text fusion-text-8\"><p>Die Siedlung an der Widmerstrasse liegt in einem verkehrsarmen Quartier an einer Sackgasse. Sie umfasst 3 H\u00e4user insgesamt 21 Wohnungen mit jeweils 3 oder 4 Zimmern.<\/p>\n<\/div><ul style=\"--awb-line-height:27.2px;--awb-icon-width:27.2px;--awb-icon-height:27.2px;--awb-icon-margin:11.2px;--awb-content-margin:38.4px;\" class=\"fusion-checklist fusion-checklist-3 fusion-checklist-default type-icons\"><li class=\"fusion-li-item\" style=\"\"><span class=\"icon-wrapper circle-no\"><i class=\"fusion-li-icon fa-arrow-right fas\" aria-hidden=\"true\"><\/i><\/span><div class=\"fusion-li-item-content\">\n<p>Liegt in unmittelbarer N\u00e4he zur Post, B\u00e4ckerei Widmer und diversen Lebensmittelgesch\u00e4ften<\/p>\n<\/div><\/li><li class=\"fusion-li-item\" style=\"\"><span class=\"icon-wrapper circle-no\"><i class=\"fusion-li-icon fa-arrow-right fas\" aria-hidden=\"true\"><\/i><\/span><div class=\"fusion-li-item-content\">\n<p>Verkehrsg\u00fcnstig gelegen und mit Bus und Sihltalbahn bestens erschlossen<\/p>\n<\/div><\/li><li class=\"fusion-li-item\" style=\"\"><span class=\"icon-wrapper circle-no\"><i class=\"fusion-li-icon fa-arrow-right fas\" aria-hidden=\"true\"><\/i><\/span><div class=\"fusion-li-item-content\">\n<p>Ideal f\u00fcr Familien<\/p>\n<\/div><\/li><li class=\"fusion-li-item\" style=\"\"><span class=\"icon-wrapper circle-no\"><i class=\"fusion-li-icon fa-arrow-right fas\" aria-hidden=\"true\"><\/i><\/span><div class=\"fusion-li-item-content\">\n<p>In unmittelbarer N\u00e4he zu Kindergarten, Schulen und Hallenbad<\/p>\n<\/div><\/li><li class=\"fusion-li-item\" style=\"\"><span class=\"icon-wrapper circle-no\"><i class=\"fusion-li-icon fa-arrow-right fas\" aria-hidden=\"true\"><\/i><\/span><div class=\"fusion-li-item-content\">\n<p>Gr\u00fcnfl\u00e4che mit Chemineeplatz und gedecktem Sitzplatz sowie kleinem Spielplatz<\/p>\n<\/div><\/li><li class=\"fusion-li-item\" style=\"\"><span class=\"icon-wrapper circle-no\"><i class=\"fusion-li-icon fa-arrow-right fas\" aria-hidden=\"true\"><\/i><\/span><div class=\"fusion-li-item-content\">\n<p>Siedlungseigene PP<\/p>\n<\/div><\/li><\/ul><div class=\"fusion-sep-clear\"><\/div><div class=\"fusion-separator fusion-full-width-sep\" style=\"margin-left: auto;margin-right: auto;margin-top:20px;width:100%;max-width:100%;\"><\/div><div class=\"fusion-sep-clear\"><\/div><div class=\"fusion-text fusion-text-9\" style=\"--awb-text-transform:none;\"><h4>Aktuell<\/h4>\n<p>&#8211; Planung Wasserleitungsersatz<br \/>\n&#8211; Planung energetische Fassadensanierung<\/p>\n<\/div><\/div><\/div><div class=\"fusion-clearfix\"><\/div><\/div><\/div><\/div><\/div><\/div><\/p>\n","protected":false},"excerpt":{"rendered":"","protected":false},"author":2,"featured_media":0,"parent":0,"menu_order":0,"comment_status":"closed","ping_status":"closed","template":"100-width.php","meta":{"footnotes":""},"class_list":["post-989","page","type-page","status-publish","hentry"],"yoast_head":"<!-- This site is optimized with the Yoast SEO plugin v28.3 - https:\/\/yoast.com\/product\/yoast-seo-wordpress\/ -->\n<title>Siedlungen - BG Sihlhalde<\/title>\n<meta name=\"robots\" content=\"index, follow, max-snippet:-1, max-image-preview:large, max-video-preview:-1\" \/>\n<link rel=\"canonical\" href=\"https:\/\/bgsihlhalde.ch\/index.php\/siedlungen\/\" \/>\n<meta property=\"og:locale\" content=\"de_DE\" \/>\n<meta property=\"og:type\" content=\"article\" \/>\n<meta property=\"og:title\" content=\"Siedlungen - BG Sihlhalde\" \/>\n<meta property=\"og:url\" content=\"https:\/\/bgsihlhalde.ch\/index.php\/siedlungen\/\" \/>\n<meta property=\"og:site_name\" content=\"BG Sihlhalde\" \/>\n<meta property=\"article:modified_time\" content=\"2026-06-28T11:20:17+00:00\" \/>\n<meta name=\"twitter:card\" content=\"summary_large_image\" \/>\n<meta name=\"twitter:label1\" content=\"Gesch\u00e4tzte Lesezeit\" \/>\n\t<meta name=\"twitter:data1\" content=\"3\u00a0Minuten\" \/>\n<script type=\"application\/ld+json\" class=\"yoast-schema-graph\">{\"@context\":\"https:\\\/\\\/schema.org\",\"@graph\":[{\"@type\":\"WebPage\",\"@id\":\"https:\\\/\\\/bgsihlhalde.ch\\\/index.php\\\/siedlungen\\\/\",\"url\":\"https:\\\/\\\/bgsihlhalde.ch\\\/index.php\\\/siedlungen\\\/\",\"name\":\"Siedlungen - BG Sihlhalde\",\"isPartOf\":{\"@id\":\"https:\\\/\\\/bgsihlhalde.ch\\\/#website\"},\"datePublished\":\"2020-03-04T14:17:22+00:00\",\"dateModified\":\"2026-06-28T11:20:17+00:00\",\"breadcrumb\":{\"@id\":\"https:\\\/\\\/bgsihlhalde.ch\\\/index.php\\\/siedlungen\\\/#breadcrumb\"},\"inLanguage\":\"de\",\"potentialAction\":[{\"@type\":\"ReadAction\",\"target\":[\"https:\\\/\\\/bgsihlhalde.ch\\\/index.php\\\/siedlungen\\\/\"]}]},{\"@type\":\"BreadcrumbList\",\"@id\":\"https:\\\/\\\/bgsihlhalde.ch\\\/index.php\\\/siedlungen\\\/#breadcrumb\",\"itemListElement\":[{\"@type\":\"ListItem\",\"position\":1,\"name\":\"Home\",\"item\":\"https:\\\/\\\/bgsihlhalde.ch\\\/\"},{\"@type\":\"ListItem\",\"position\":2,\"name\":\"Siedlungen\"}]},{\"@type\":\"WebSite\",\"@id\":\"https:\\\/\\\/bgsihlhalde.ch\\\/#website\",\"url\":\"https:\\\/\\\/bgsihlhalde.ch\\\/\",\"name\":\"Baugenossenschaft Sihlhalde\",\"description\":\"Die Baugenossenschaft Sihlhalde wurde am 7. April 1943 gegr\u00fcndet\",\"publisher\":{\"@id\":\"https:\\\/\\\/bgsihlhalde.ch\\\/#organization\"},\"potentialAction\":[{\"@type\":\"SearchAction\",\"target\":{\"@type\":\"EntryPoint\",\"urlTemplate\":\"https:\\\/\\\/bgsihlhalde.ch\\\/?s={search_term_string}\"},\"query-input\":{\"@type\":\"PropertyValueSpecification\",\"valueRequired\":true,\"valueName\":\"search_term_string\"}}],\"inLanguage\":\"de\"},{\"@type\":\"Organization\",\"@id\":\"https:\\\/\\\/bgsihlhalde.ch\\\/#organization\",\"name\":\"Baugenossenschaft Sihlhalde\",\"url\":\"https:\\\/\\\/bgsihlhalde.ch\\\/\",\"logo\":{\"@type\":\"ImageObject\",\"inLanguage\":\"de\",\"@id\":\"https:\\\/\\\/bgsihlhalde.ch\\\/#\\\/schema\\\/logo\\\/image\\\/\",\"url\":\"https:\\\/\\\/bgsihlhalde.ch\\\/wp-content\\\/uploads\\\/2020\\\/03\\\/logo270.png\",\"contentUrl\":\"https:\\\/\\\/bgsihlhalde.ch\\\/wp-content\\\/uploads\\\/2020\\\/03\\\/logo270.png\",\"width\":270,\"height\":104,\"caption\":\"Baugenossenschaft Sihlhalde\"},\"image\":{\"@id\":\"https:\\\/\\\/bgsihlhalde.ch\\\/#\\\/schema\\\/logo\\\/image\\\/\"}}]}<\/script>\n<!-- \/ Yoast SEO plugin. -->","yoast_head_json":{"title":"Siedlungen - BG Sihlhalde","robots":{"index":"index","follow":"follow","max-snippet":"max-snippet:-1","max-image-preview":"max-image-preview:large","max-video-preview":"max-video-preview:-1"},"canonical":"https:\/\/bgsihlhalde.ch\/index.php\/siedlungen\/","og_locale":"de_DE","og_type":"article","og_title":"Siedlungen - BG Sihlhalde","og_url":"https:\/\/bgsihlhalde.ch\/index.php\/siedlungen\/","og_site_name":"BG Sihlhalde","article_modified_time":"2026-06-28T11:20:17+00:00","twitter_card":"summary_large_image","twitter_misc":{"Gesch\u00e4tzte Lesezeit":"3\u00a0Minuten"},"schema":{"@context":"https:\/\/schema.org","@graph":[{"@type":"WebPage","@id":"https:\/\/bgsihlhalde.ch\/index.php\/siedlungen\/","url":"https:\/\/bgsihlhalde.ch\/index.php\/siedlungen\/","name":"Siedlungen - BG Sihlhalde","isPartOf":{"@id":"https:\/\/bgsihlhalde.ch\/#website"},"datePublished":"2020-03-04T14:17:22+00:00","dateModified":"2026-06-28T11:20:17+00:00","breadcrumb":{"@id":"https:\/\/bgsihlhalde.ch\/index.php\/siedlungen\/#breadcrumb"},"inLanguage":"de","potentialAction":[{"@type":"ReadAction","target":["https:\/\/bgsihlhalde.ch\/index.php\/siedlungen\/"]}]},{"@type":"BreadcrumbList","@id":"https:\/\/bgsihlhalde.ch\/index.php\/siedlungen\/#breadcrumb","itemListElement":[{"@type":"ListItem","position":1,"name":"Home","item":"https:\/\/bgsihlhalde.ch\/"},{"@type":"ListItem","position":2,"name":"Siedlungen"}]},{"@type":"WebSite","@id":"https:\/\/bgsihlhalde.ch\/#website","url":"https:\/\/bgsihlhalde.ch\/","name":"Baugenossenschaft Sihlhalde","description":"Die Baugenossenschaft Sihlhalde wurde am 7. April 1943 gegr\u00fcndet","publisher":{"@id":"https:\/\/bgsihlhalde.ch\/#organization"},"potentialAction":[{"@type":"SearchAction","target":{"@type":"EntryPoint","urlTemplate":"https:\/\/bgsihlhalde.ch\/?s={search_term_string}"},"query-input":{"@type":"PropertyValueSpecification","valueRequired":true,"valueName":"search_term_string"}}],"inLanguage":"de"},{"@type":"Organization","@id":"https:\/\/bgsihlhalde.ch\/#organization","name":"Baugenossenschaft Sihlhalde","url":"https:\/\/bgsihlhalde.ch\/","logo":{"@type":"ImageObject","inLanguage":"de","@id":"https:\/\/bgsihlhalde.ch\/#\/schema\/logo\/image\/","url":"https:\/\/bgsihlhalde.ch\/wp-content\/uploads\/2020\/03\/logo270.png","contentUrl":"https:\/\/bgsihlhalde.ch\/wp-content\/uploads\/2020\/03\/logo270.png","width":270,"height":104,"caption":"Baugenossenschaft Sihlhalde"},"image":{"@id":"https:\/\/bgsihlhalde.ch\/#\/schema\/logo\/image\/"}}]}},"_links":{"self":[{"href":"https:\/\/bgsihlhalde.ch\/index.php\/wp-json\/wp\/v2\/pages\/989","targetHints":{"allow":["GET"]}}],"collection":[{"href":"https:\/\/bgsihlhalde.ch\/index.php\/wp-json\/wp\/v2\/pages"}],"about":[{"href":"https:\/\/bgsihlhalde.ch\/index.php\/wp-json\/wp\/v2\/types\/page"}],"author":[{"embeddable":true,"href":"https:\/\/bgsihlhalde.ch\/index.php\/wp-json\/wp\/v2\/users\/2"}],"replies":[{"embeddable":true,"href":"https:\/\/bgsihlhalde.ch\/index.php\/wp-json\/wp\/v2\/comments?post=989"}],"version-history":[{"count":94,"href":"https:\/\/bgsihlhalde.ch\/index.php\/wp-json\/wp\/v2\/pages\/989\/revisions"}],"predecessor-version":[{"id":3719,"href":"https:\/\/bgsihlhalde.ch\/index.php\/wp-json\/wp\/v2\/pages\/989\/revisions\/3719"}],"wp:attachment":[{"href":"https:\/\/bgsihlhalde.ch\/index.php\/wp-json\/wp\/v2\/media?parent=989"}],"curies":[{"name":"wp","href":"https:\/\/api.w.org\/{rel}","templated":true}]}}